{"id":4079,"date":"2019-10-24T16:17:06","date_gmt":"2019-10-24T19:17:06","guid":{"rendered":"http:\/\/aunicaweb.com.br\/aprovacao\/patrus\/?page_id=4079"},"modified":"2022-08-31T16:36:23","modified_gmt":"2022-08-31T19:36:23","slug":"fala-patrus","status":"publish","type":"page","link":"https:\/\/patrusananias.com.br\/blog\/fala-patrus\/","title":{"rendered":"Fala, Patrus!"},"content":{"rendered":"\t\t<div data-elementor-type=\"wp-page\" data-elementor-id=\"4079\" class=\"elementor elementor-4079\" data-elementor-post-type=\"page\">\n\t\t\t\t\t\t<section class=\"elementor-section elementor-top-section elementor-element elementor-element-ac71808 elementor-section-boxed elementor-section-height-default elementor-section-height-default\" data-id=\"ac71808\" data-element_type=\"section\">\n\t\t\t\t\t\t<div class=\"elementor-container elementor-column-gap-default\">\n\t\t\t\t\t<div class=\"elementor-column elementor-col-100 elementor-top-column elementor-element elementor-element-bb0b32b\" data-id=\"bb0b32b\" data-element_type=\"column\">\n\t\t\t<div class=\"elementor-widget-wrap elementor-element-populated\">\n\t\t\t\t\t\t<div class=\"elementor-element elementor-element-88e3053 elementor-grid-3 elementor-grid-tablet-2 elementor-grid-mobile-1 elementor-posts--thumbnail-top elementor-card-shadow-yes elementor-posts__hover-gradient elementor-widget elementor-widget-posts\" data-id=\"88e3053\" data-element_type=\"widget\" data-settings=\"{&quot;pagination_type&quot;:&quot;numbers&quot;,&quot;cards_columns&quot;:&quot;3&quot;,&quot;cards_columns_tablet&quot;:&quot;2&quot;,&quot;cards_columns_mobile&quot;:&quot;1&quot;,&quot;cards_row_gap&quot;:{&quot;unit&quot;:&quot;px&quot;,&quot;size&quot;:35,&quot;sizes&quot;:[]},&quot;cards_row_gap_tablet&quot;:{&quot;unit&quot;:&quot;px&quot;,&quot;size&quot;:&quot;&quot;,&quot;sizes&quot;:[]},&quot;cards_row_gap_mobile&quot;:{&quot;unit&quot;:&quot;px&quot;,&quot;size&quot;:&quot;&quot;,&quot;sizes&quot;:[]}}\" data-widget_type=\"posts.cards\">\n\t\t\t\t<div class=\"elementor-widget-container\">\n\t\t\t\t\t\t\t<div class=\"elementor-posts-container elementor-posts elementor-posts--skin-cards elementor-grid\">\n\t\t\t\t<article class=\"elementor-post elementor-grid-item post-8407 post type-post status-publish format-standard hentry category-artigos-e-entrevistas entry\">\n\t\t\t<div class=\"elementor-post__card\">\n\t\t\t\t<div class=\"elementor-post__text\">\n\t\t\t\t<h3 class=\"elementor-post__title\">\n\t\t\t<a href=\"https:\/\/patrusananias.com.br\/blog\/soberania-mineral-um-projeto-para-o-brasil\/\" >\n\t\t\t\tSoberania Mineral: um projeto para o Brasil\t\t\t<\/a>\n\t\t<\/h3>\n\t\t\t\t<div class=\"elementor-post__excerpt\">\n\t\t\t<p>\u00a0Vivemos um tempo em que os bens naturais, em especial os minerais cr\u00edticos e estrat\u00e9gicos \u2014 como l\u00edtio, ni\u00f3bio e as terras raras \u2014 ocupam<\/p>\n\t\t<\/div>\n\t\t\t\t<\/div>\n\t\t\t\t<div class=\"elementor-post__meta-data\">\n\t\t\t\t\t<span class=\"elementor-post-author\">\n\t\t\tadmin\t\t<\/span>\n\t\t\t\t<span class=\"elementor-post-date\">\n\t\t\t26 de agosto de 2025\t\t<\/span>\n\t\t\t\t<\/div>\n\t\t\t\t\t<\/div>\n\t\t<\/article>\n\t\t\t\t<article class=\"elementor-post elementor-grid-item post-8412 post type-post status-publish format-standard hentry category-artigos-e-entrevistas category-pt entry\">\n\t\t\t<div class=\"elementor-post__card\">\n\t\t\t\t<div class=\"elementor-post__text\">\n\t\t\t\t<h3 class=\"elementor-post__title\">\n\t\t\t<a href=\"https:\/\/patrusananias.com.br\/blog\/pt-um-olhar-para-o-presente\/\" >\n\t\t\t\tPT, um olhar para o presente\t\t\t<\/a>\n\t\t<\/h3>\n\t\t\t\t<div class=\"elementor-post__excerpt\">\n\t\t\t<p>\u00a0 \u00a0 \u00a0 \u00a0 \u00a0 \u00a0Vivemos uma crise brasileira e mundial que se manifesta em todas as frentes: econ\u00f4mica, pol\u00edtica, social, ambiental, cultural, sobretudo, \u00e9tica,<\/p>\n\t\t<\/div>\n\t\t\t\t<\/div>\n\t\t\t\t<div class=\"elementor-post__meta-data\">\n\t\t\t\t\t<span class=\"elementor-post-author\">\n\t\t\tadmin\t\t<\/span>\n\t\t\t\t<span class=\"elementor-post-date\">\n\t\t\t11 de junho de 2025\t\t<\/span>\n\t\t\t\t<\/div>\n\t\t\t\t\t<\/div>\n\t\t<\/article>\n\t\t\t\t<article class=\"elementor-post elementor-grid-item post-7700 post type-post status-publish format-standard hentry category-artigos-e-entrevistas entry\">\n\t\t\t<div class=\"elementor-post__card\">\n\t\t\t\t<div class=\"elementor-post__text\">\n\t\t\t\t<h3 class=\"elementor-post__title\">\n\t\t\t<a href=\"https:\/\/patrusananias.com.br\/blog\/por-que-peco-para-nao-votarem-em-bolsonaro\/\" >\n\t\t\t\t<strong>Por que pe\u00e7o para n\u00e3o votarem em Bolsonaro<br><br><\/strong>\t\t\t<\/a>\n\t\t<\/h3>\n\t\t\t\t<div class=\"elementor-post__excerpt\">\n\t\t\t<p>Patrus Ananias de Souza As pessoas que me conhecem sabem que procuro sempre respeitar as diferen\u00e7as e os diferentes. Sempre gostei de ler, ouvir e<\/p>\n\t\t<\/div>\n\t\t\t\t<\/div>\n\t\t\t\t<div class=\"elementor-post__meta-data\">\n\t\t\t\t\t<span class=\"elementor-post-author\">\n\t\t\tadmin\t\t<\/span>\n\t\t\t\t<span class=\"elementor-post-date\">\n\t\t\t7 de outubro de 2022\t\t<\/span>\n\t\t\t\t<\/div>\n\t\t\t\t\t<\/div>\n\t\t<\/article>\n\t\t\t\t<article class=\"elementor-post elementor-grid-item post-8131 post type-post status-publish format-standard hentry category-artigos-e-entrevistas entry\">\n\t\t\t<div class=\"elementor-post__card\">\n\t\t\t\t<div class=\"elementor-post__text\">\n\t\t\t\t<h3 class=\"elementor-post__title\">\n\t\t\t<a href=\"https:\/\/patrusananias.com.br\/blog\/discurso-de-recepcao-da-professora-maria-antonieta-antunes-cunha\/\" >\n\t\t\t\tDiscurso de recep\u00e7\u00e3o da professora Maria Antonieta Antunes Cunha\t\t\t<\/a>\n\t\t<\/h3>\n\t\t\t\t<div class=\"elementor-post__excerpt\">\n\t\t\t<p>Academia Mineira de Letras &nbsp; Discurso de recep\u00e7\u00e3o da professora Maria Antonieta Antunes Cunha pelo acad\u00eamico Patrus Ananias &nbsp; Bocai\u00fava, no in\u00edcio dos anos 1960,<\/p>\n\t\t<\/div>\n\t\t\t\t<\/div>\n\t\t\t\t<div class=\"elementor-post__meta-data\">\n\t\t\t\t\t<span class=\"elementor-post-author\">\n\t\t\tadmin\t\t<\/span>\n\t\t\t\t<span class=\"elementor-post-date\">\n\t\t\t6 de agosto de 2022\t\t<\/span>\n\t\t\t\t<\/div>\n\t\t\t\t\t<\/div>\n\t\t<\/article>\n\t\t\t\t<article class=\"elementor-post elementor-grid-item post-8165 post type-post status-publish format-standard hentry category-artigos-e-entrevistas entry\">\n\t\t\t<div class=\"elementor-post__card\">\n\t\t\t\t<div class=\"elementor-post__text\">\n\t\t\t\t<h3 class=\"elementor-post__title\">\n\t\t\t<a href=\"https:\/\/patrusananias.com.br\/blog\/discurso-de-recepcao-ao-academico-jose-fernandes-filho\/\" >\n\t\t\t\tDiscurso de recep\u00e7\u00e3o ao acad\u00eamico Jos\u00e9 Fernandes Filho\t\t\t<\/a>\n\t\t<\/h3>\n\t\t\t\t<div class=\"elementor-post__excerpt\">\n\t\t\t<p>Encontros ocorrem em nossas vidas que se desdobram no tempo. Tornam-se presentes para sempre. Acompanham-nos vida afora, tornando presente o passado e ajudando-nos a modelar<\/p>\n\t\t<\/div>\n\t\t\t\t<\/div>\n\t\t\t\t<div class=\"elementor-post__meta-data\">\n\t\t\t\t\t<span class=\"elementor-post-author\">\n\t\t\tadmin\t\t<\/span>\n\t\t\t\t<span class=\"elementor-post-date\">\n\t\t\t26 de junho de 2022\t\t<\/span>\n\t\t\t\t<\/div>\n\t\t\t\t\t<\/div>\n\t\t<\/article>\n\t\t\t\t<article class=\"elementor-post elementor-grid-item post-5829 post type-post status-publish format-standard hentry category-artigos-e-entrevistas entry\">\n\t\t\t<div class=\"elementor-post__card\">\n\t\t\t\t<div class=\"elementor-post__text\">\n\t\t\t\t<h3 class=\"elementor-post__title\">\n\t\t\t<a href=\"https:\/\/patrusananias.com.br\/blog\/educacao-e-politica-no-brasil-hoje\/\" >\n\t\t\t\tEduca\u00e7\u00e3o e Pol\u00edtica no Brasil hoje\t\t\t<\/a>\n\t\t<\/h3>\n\t\t\t\t<div class=\"elementor-post__excerpt\">\n\t\t\t<p>Para acessar o ensaio do deputado federal Patrus Ananias clique em:&nbsp;https:\/\/patrusananias.com.br\/blog\/wp-content\/uploads\/2022\/03\/Educac\u0327a\u0303o-e-Poli\u0301tica-no-Brasil-Hoje.pdf<\/p>\n\t\t<\/div>\n\t\t\t\t<\/div>\n\t\t\t\t<div class=\"elementor-post__meta-data\">\n\t\t\t\t\t<span class=\"elementor-post-author\">\n\t\t\tadmin\t\t<\/span>\n\t\t\t\t<span class=\"elementor-post-date\">\n\t\t\t15 de mar\u00e7o de 2022\t\t<\/span>\n\t\t\t\t<\/div>\n\t\t\t\t\t<\/div>\n\t\t<\/article>\n\t\t\t\t<article class=\"elementor-post elementor-grid-item post-5481 post type-post status-publish format-standard hentry category-artigos-e-entrevistas entry\">\n\t\t\t<div class=\"elementor-post__card\">\n\t\t\t\t<div class=\"elementor-post__text\">\n\t\t\t\t<h3 class=\"elementor-post__title\">\n\t\t\t<a href=\"https:\/\/patrusananias.com.br\/blog\/a-destruicao-das-politicas-sociais\/\" >\n\t\t\t\tA destrui\u00e7\u00e3o das pol\u00edticas sociais\t\t\t<\/a>\n\t\t<\/h3>\n\t\t\t\t<div class=\"elementor-post__excerpt\">\n\t\t\t<p>O pa\u00eds vive hoje um aumento assustador da pobreza, da mis\u00e9ria e da fome, num quadro de crise econ\u00f4mica, desemprego, infla\u00e7\u00e3o e alta no pre\u00e7o<\/p>\n\t\t<\/div>\n\t\t\t\t<\/div>\n\t\t\t\t<div class=\"elementor-post__meta-data\">\n\t\t\t\t\t<span class=\"elementor-post-author\">\n\t\t\tadmin\t\t<\/span>\n\t\t\t\t<span class=\"elementor-post-date\">\n\t\t\t1 de novembro de 2021\t\t<\/span>\n\t\t\t\t<\/div>\n\t\t\t\t\t<\/div>\n\t\t<\/article>\n\t\t\t\t<article class=\"elementor-post elementor-grid-item post-4957 post type-post status-publish format-standard hentry category-artigos-e-entrevistas category-democracia category-desenvolvimento-humano category-desenvolvimento-social category-educacao entry\">\n\t\t\t<div class=\"elementor-post__card\">\n\t\t\t\t<div class=\"elementor-post__text\">\n\t\t\t\t<h3 class=\"elementor-post__title\">\n\t\t\t<a href=\"https:\/\/patrusananias.com.br\/blog\/a-educacao-e-seus-objetivos-fundamentais\/\" >\n\t\t\t\tA EDUCA\u00c7\u00c3O E SEUS OBJETIVOS FUNDAMENTAIS\t\t\t<\/a>\n\t\t<\/h3>\n\t\t\t\t<div class=\"elementor-post__excerpt\">\n\t\t\t<p>Por Patrus Ananias A educa\u00e7\u00e3o tem sido o tema priorit\u00e1rio das minhas leituras e reflex\u00f5es nos \u00faltimos meses. Constato que h\u00e1 um consenso, pelo menos<\/p>\n\t\t<\/div>\n\t\t\t\t<\/div>\n\t\t\t\t<div class=\"elementor-post__meta-data\">\n\t\t\t\t\t<span class=\"elementor-post-author\">\n\t\t\tAssessoria\t\t<\/span>\n\t\t\t\t<span class=\"elementor-post-date\">\n\t\t\t25 de fevereiro de 2021\t\t<\/span>\n\t\t\t\t<\/div>\n\t\t\t\t\t<\/div>\n\t\t<\/article>\n\t\t\t\t<article class=\"elementor-post elementor-grid-item post-4943 post type-post status-publish format-standard hentry category-agenda category-artigos-e-entrevistas category-datas-comemorativas category-democracia category-religiao entry\">\n\t\t\t<div class=\"elementor-post__card\">\n\t\t\t\t<div class=\"elementor-post__text\">\n\t\t\t\t<h3 class=\"elementor-post__title\">\n\t\t\t<a href=\"https:\/\/patrusananias.com.br\/blog\/campanha-da-fraternidade-ecumenica-2021-cristo-e-a-nossa-paz-do-que-era-dividido-fez-uma-unidade\/\" >\n\t\t\t\tCampanha da Fraternidade Ecum\u00eanica 2021. Cristo \u00e9 a nossa Paz: do que era dividido, fez uma unidade\t\t\t<\/a>\n\t\t<\/h3>\n\t\t\t\t<div class=\"elementor-post__excerpt\">\n\t\t\t<p>A tradi\u00e7\u00e3o crist\u00e3 inicia hoje o tempo da Quaresma. Este tempo nos reporta aos 40 dias em que Jesus, ap\u00f3s ser batizado por Jo\u00e3o Batista<\/p>\n\t\t<\/div>\n\t\t\t\t<\/div>\n\t\t\t\t<div class=\"elementor-post__meta-data\">\n\t\t\t\t\t<span class=\"elementor-post-author\">\n\t\t\tAssessoria\t\t<\/span>\n\t\t\t\t<span class=\"elementor-post-date\">\n\t\t\t17 de fevereiro de 2021\t\t<\/span>\n\t\t\t\t<\/div>\n\t\t\t\t\t<\/div>\n\t\t<\/article>\n\t\t\t\t<\/div>\n\t\t\n\t\t\t\t<div class=\"e-load-more-anchor\" data-page=\"1\" data-max-page=\"16\" data-next-page=\"https:\/\/patrusananias.com.br\/blog\/wp-json\/wp\/v2\/pages\/4079\/page\/2\/\"><\/div>\n\t\t\t\t<nav class=\"elementor-pagination\" aria-label=\"Pagina\u00e7\u00e3o\">\n\t\t\t<span aria-current=\"page\" class=\"page-numbers current\"><span class=\"elementor-screen-only\">P\u00e1gina<\/span>1<\/span>\n<a class=\"page-numbers\" href=\"https:\/\/patrusananias.com.br\/blog\/wp-json\/wp\/v2\/pages\/4079\/page\/2\/\"><span class=\"elementor-screen-only\">P\u00e1gina<\/span>2<\/a>\n<a class=\"page-numbers\" href=\"https:\/\/patrusananias.com.br\/blog\/wp-json\/wp\/v2\/pages\/4079\/page\/3\/\"><span class=\"elementor-screen-only\">P\u00e1gina<\/span>3<\/a>\n<span class=\"page-numbers dots\">&hellip;<\/span>\n<a class=\"page-numbers\" href=\"https:\/\/patrusananias.com.br\/blog\/wp-json\/wp\/v2\/pages\/4079\/page\/16\/\"><span class=\"elementor-screen-only\">P\u00e1gina<\/span>16<\/a>\t\t<\/nav>\n\t\t\t\t\t\t<\/div>\n\t\t\t\t<\/div>\n\t\t\t\t\t<\/div>\n\t\t<\/div>\n\t\t\t\t\t<\/div>\n\t\t<\/section>\n\t\t\t\t<\/div>\n\t\t","protected":false},"excerpt":{"rendered":"","protected":false},"author":1,"featured_media":0,"parent":0,"menu_order":0,"comment_status":"closed","ping_status":"closed","template":"elementor_header_footer","meta":{"footnotes":""},"_links":{"self":[{"href":"https:\/\/patrusananias.com.br\/blog\/wp-json\/wp\/v2\/pages\/4079"}],"collection":[{"href":"https:\/\/patrusananias.com.br\/blog\/wp-json\/wp\/v2\/pages"}],"about":[{"href":"https:\/\/patrusananias.com.br\/blog\/wp-json\/wp\/v2\/types\/page"}],"author":[{"embeddable":true,"href":"https:\/\/patrusananias.com.br\/blog\/wp-json\/wp\/v2\/users\/1"}],"replies":[{"embeddable":true,"href":"https:\/\/patrusananias.com.br\/blog\/wp-json\/wp\/v2\/comments?post=4079"}],"version-history":[{"count":11,"href":"https:\/\/patrusananias.com.br\/blog\/wp-json\/wp\/v2\/pages\/4079\/revisions"}],"predecessor-version":[{"id":4318,"href":"https:\/\/patrusananias.com.br\/blog\/wp-json\/wp\/v2\/pages\/4079\/revisions\/4318"}],"wp:attachment":[{"href":"https:\/\/patrusananias.com.br\/blog\/wp-json\/wp\/v2\/media?parent=4079"}],"curies":[{"name":"wp","href":"https:\/\/api.w.org\/{rel}","templated":true}]}}